{"id":2631,"date":"2026-03-01T00:01:05","date_gmt":"2026-02-28T23:01:05","guid":{"rendered":"https:\/\/annagrand.saxon.hu\/?page_id=2631"},"modified":"2026-08-25T15:25:53","modified_gmt":"2026-08-25T13:25:53","slug":"angebote","status":"publish","type":"page","link":"https:\/\/annagrandhotel.hu\/de\/ajanlatok\/","title":{"rendered":"ANGEBOTE"},"content":{"rendered":"<div class=\"wpb-content-wrapper\"><section class=\"vc_section\"><div class=\"vc_row wpb_row vc_row-fluid padding_bottom_none\"><div class=\"wpb_column vc_column_container vc_col-sm-12\"><div class=\"vc_column-inner\"><div class=\"wpb_wrapper\"><div class=\"heading_group_sc wpb_content_element subtitle_bottom    text-center\">\n\n\n    <h2>UNSERE AKTUELLEN ANGEBOTE<\/h2>\n\n\n        <span class=\"subtitle\"><\/span>\n\n<\/div><\/div><\/div><\/div><\/div><\/section><section data-vc-full-width=\"true\" data-vc-full-width-init=\"false\" class=\"vc_section vc_custom_1749728267908 vc_section-has-fill\"><div class=\"vc_row wpb_row vc_row-fluid shadow vc_custom_1787589305642\"><div class=\"wpb_column vc_column_container vc_col-sm-6\"><div class=\"vc_column-inner vc_custom_1699699574404\"><div class=\"wpb_wrapper\">\n\t<div  class=\"wpb_single_image wpb_content_element vc_align_left  vc_custom_1787589217228\">\n\t\t\n\t\t<figure class=\"wpb_wrapper vc_figure\">\n\t\t\t<div class=\"vc_single_image-wrapper   vc_box_border_grey\"><img loading=\"lazy\" decoding=\"async\" width=\"1080\" height=\"1350\" src=\"https:\/\/annagrandhotel.hu\/wp-content\/uploads\/2026\/08\/Grand-Autumn-poszt_1-1.webp\" class=\"vc_single_image-img attachment-full\" alt=\"\" title=\"Gro\u00dfer Herbst Post_1 (1)\" srcset=\"https:\/\/annagrandhotel.hu\/wp-content\/uploads\/2026\/08\/Grand-Autumn-poszt_1-1.webp 1080w, https:\/\/annagrandhotel.hu\/wp-content\/uploads\/2026\/08\/Grand-Autumn-poszt_1-1-240x300.webp 240w, https:\/\/annagrandhotel.hu\/wp-content\/uploads\/2026\/08\/Grand-Autumn-poszt_1-1-819x1024.webp 819w, https:\/\/annagrandhotel.hu\/wp-content\/uploads\/2026\/08\/Grand-Autumn-poszt_1-1-768x960.webp 768w, https:\/\/annagrandhotel.hu\/wp-content\/uploads\/2026\/08\/Grand-Autumn-poszt_1-1-10x12.webp 10w\" sizes=\"auto, (max-width: 1080px) 100vw, 1080px\" \/><\/div>\n\t\t<\/figure>\n\t<\/div>\n<\/div><\/div><\/div><div class=\"wpb_column vc_column_container vc_col-sm-6\"><div class=\"vc_column-inner\"><div class=\"wpb_wrapper\"><div class=\"heading_group_sc wpb_content_element subtitle_bottom    text-left\">\n\n\n    <h2>Gro\u00dfer Herbst<\/h2>\n\n\n        <span class=\"subtitle\"><\/span>\n\n<\/div><div class=\"heading_group_sc wpb_content_element subtitle_bottom   vc_custom_1787589342979  text-left\">\n\n\n    <p>W\u00e4hrend der Balaton zur Ruhe kommt, ist es Zeit zum Entschleunigen und Auftanken.\u00a0<span class=\"il\">Herbst<\/span>\u00a0Der ruhigere Rhythmus bietet die perfekte Gelegenheit, dem Alltag zu entfliehen, die entspannenden Momente des Wellness zu genie\u00dfen und sich der besonderen Atmosph\u00e4re des Anna Grand Hotels hinzugeben.<\/p>\n<p style=\"text-align: justify;\"><strong>Nehmen Sie sich Zeit f\u00fcr sich selbst, entdecken Sie das herbstliche Gesicht des Plattensees und genie\u00dfen Sie jeden Moment der sorglosen Entspannung. Buchen Sie drei N\u00e4chte mit dem Angebot Grand Autumn und wir schenken Ihnen eine der drei N\u00e4chte.<\/strong><\/p>\n\n\n        <span class=\"subtitle\"><\/span>\n\n        <div class=\"svg_divider\"><img decoding=\"async\" src=\"https:\/\/annagrandhotel.hu\/wp-content\/themes\/hotel-xenia\/templates\/shortcodes\/divider.png\"><\/div>\n<\/div><div class=\"plethora_button wpb_content_element   text-left\">\n    <a href=\"https:\/\/annagrandhotel.hu\/de\/groser-herbst\/\" class=\"btn btn-secondary\" title=\"\"  target=\"_self\">\n\n        \n        Informationen und Buchung\n        \n\n    <\/a>\n<\/div><\/div><\/div><\/div><\/div><div class=\"vc_row wpb_row vc_row-fluid shadow vc_custom_1787664059510 secondary_section\"><div class=\"wpb_column vc_column_container vc_col-sm-6\"><div class=\"vc_column-inner\"><div class=\"wpb_wrapper\"><div class=\"heading_group_sc wpb_content_element subtitle_bottom   vc_custom_1787663725211  text-left\">\n\n\n    <h2 style=\"text-align: left;\">Einatmen X Anna Grand Pilates Camp<\/h2>\n\n\n        <span class=\"subtitle\"><\/span>\n\n<\/div><div class=\"heading_group_sc wpb_content_element subtitle_bottom    text-left\">\n\n\n    <p style=\"text-align: justify;\"><strong>Drei Tage, an denen sich Bewegung, Aufladung und Eleganz in den Mauern des Anna Grand Hotels treffen.<\/strong><\/p>\n<p style=\"text-align: justify;\">Das Inhale X Anna Grand Pilates Camp ist ein besonderer R\u00fcckzugsort im Fr\u00fchherbst, bei dem das k\u00f6rperliche und geistige Gleichgewicht im Mittelpunkt steht. Die Programme werden von Bianka Vad\u00e1sz geleitet, die mit ihren inspirierenden, pr\u00e4zisen und dynamischen Kursen dabei hilft, in die Welt des Pilates einzutauchen \u2013 sowohl f\u00fcr Anf\u00e4nger als auch f\u00fcr Fortgeschrittene.<\/p>\n\n\n        <span class=\"subtitle\"><\/span>\n\n        <div class=\"svg_divider\"><img decoding=\"async\" src=\"https:\/\/annagrandhotel.hu\/wp-content\/themes\/hotel-xenia\/templates\/shortcodes\/divider.png\"><\/div>\n<\/div><div class=\"plethora_button wpb_content_element  vc_custom_1787663782721  text-left\">\n    <a href=\"https:\/\/annagrandhotel.hu\/de\/inhalieren-x-anna-grand-pilates-camp\/\" class=\"btn btn-light\" title=\"\"  target=\"_self\">\n\n        \n        Information und Buchung\n        \n\n    <\/a>\n<\/div><\/div><\/div><\/div><div class=\"wpb_column vc_column_container vc_col-sm-6\"><div class=\"vc_column-inner vc_custom_1699699574404\"><div class=\"wpb_wrapper\">\n\t<div  class=\"wpb_single_image wpb_content_element vc_align_left  vc_custom_1787664044925\">\n\t\t\n\t\t<figure class=\"wpb_wrapper vc_figure\">\n\t\t\t<div class=\"vc_single_image-wrapper   vc_box_border_grey\"><img loading=\"lazy\" decoding=\"async\" width=\"1080\" height=\"1350\" src=\"https:\/\/annagrandhotel.hu\/wp-content\/uploads\/2026\/08\/Pilates-Tabor-webt.webp\" class=\"vc_single_image-img attachment-full\" alt=\"\" title=\"Pilates T\u00e1bor webt\" srcset=\"https:\/\/annagrandhotel.hu\/wp-content\/uploads\/2026\/08\/Pilates-Tabor-webt.webp 1080w, https:\/\/annagrandhotel.hu\/wp-content\/uploads\/2026\/08\/Pilates-Tabor-webt-240x300.webp 240w, https:\/\/annagrandhotel.hu\/wp-content\/uploads\/2026\/08\/Pilates-Tabor-webt-819x1024.webp 819w, https:\/\/annagrandhotel.hu\/wp-content\/uploads\/2026\/08\/Pilates-Tabor-webt-768x960.webp 768w, https:\/\/annagrandhotel.hu\/wp-content\/uploads\/2026\/08\/Pilates-Tabor-webt-10x12.webp 10w\" sizes=\"auto, (max-width: 1080px) 100vw, 1080px\" \/><\/div>\n\t\t<\/figure>\n\t<\/div>\n<\/div><\/div><\/div><\/div><div class=\"vc_row wpb_row vc_row-fluid shadow vc_custom_1769166621484 dark_section\"><div class=\"wpb_column vc_column_container vc_col-sm-6\"><div class=\"vc_column-inner vc_custom_1769069028100\"><div class=\"wpb_wrapper\"><div class=\"heading_group_sc wpb_content_element subtitle_bottom   vc_custom_1769069336988  text-left\">\n\n\n    <h2 style=\"text-align: left;\">Grand Escape<\/h2>\n\n\n        <span class=\"subtitle\">Lassen Sie alles hinter sich!<\/span>\n\n<\/div><div class=\"heading_group_sc wpb_content_element subtitle_bottom   vc_custom_1776431992503  text-left\">\n\n\n    <p style=\"text-align: left;\"><strong>Manchmal gen\u00fcgt ein einziger Tag, um sich v\u00f6llig neu zu erfinden. Entfliehen Sie dem Alltag und genie\u00dfen Sie den Luxus des Anna Grand Hotels mit einem Extra-Rabatt!<\/strong><\/p>\n<p>Aktionscode: ESCAPE<\/p>\n<p>Das Angebot bietet 25% Rabatt auf den Tagespreis der Halbpension<\/p>\n<p><em>G\u00fcltig: F\u00fcr maximal eine \u00dcbernachtung (Ausgenommen Hauptsaison)<\/em><\/p>\n\n\n        <span class=\"subtitle\"><\/span>\n\n        <div class=\"svg_divider\"><img decoding=\"async\" src=\"https:\/\/annagrandhotel.hu\/wp-content\/themes\/hotel-xenia\/templates\/shortcodes\/divider.png\"><\/div>\n<\/div><div class=\"plethora_button wpb_content_element  vc_custom_1769161265637  text-left\">\n    <a href=\"https:\/\/book.annagrandhotel.hu\/foglalas\/kereses?Reservation%5Bpromotion_code%5D=ESCAPE\" class=\"btn btn-secondary\" title=\"\"  target=\"_self\">\n\n        \n        Preisberechnung und Buchung\n        \n\n    <\/a>\n<\/div><\/div><\/div><\/div><div class=\"wpb_column vc_column_container vc_col-sm-6 vc_col-has-fill\"><div class=\"vc_column-inner vc_custom_1769069052277\"><div class=\"wpb_wrapper\">\n\t<div  class=\"wpb_single_image wpb_content_element vc_align_left  vc_custom_1769070476194\">\n\t\t\n\t\t<figure class=\"wpb_wrapper vc_figure\">\n\t\t\t<div class=\"vc_single_image-wrapper   vc_box_border_grey\"><img loading=\"lazy\" decoding=\"async\" width=\"1099\" height=\"1351\" src=\"https:\/\/annagrandhotel.hu\/wp-content\/uploads\/2026\/01\/Grand-Escape.webp\" class=\"vc_single_image-img attachment-full\" alt=\"\" title=\"Grand Escape\" srcset=\"https:\/\/annagrandhotel.hu\/wp-content\/uploads\/2026\/01\/Grand-Escape.webp 1099w, https:\/\/annagrandhotel.hu\/wp-content\/uploads\/2026\/01\/Grand-Escape-244x300.webp 244w, https:\/\/annagrandhotel.hu\/wp-content\/uploads\/2026\/01\/Grand-Escape-833x1024.webp 833w, https:\/\/annagrandhotel.hu\/wp-content\/uploads\/2026\/01\/Grand-Escape-768x944.webp 768w, https:\/\/annagrandhotel.hu\/wp-content\/uploads\/2026\/01\/Grand-Escape-10x12.webp 10w\" sizes=\"auto, (max-width: 1099px) 100vw, 1099px\" \/><\/div>\n\t\t<\/figure>\n\t<\/div>\n<\/div><\/div><\/div><\/div><\/section><div class=\"vc_row-full-width vc_clearfix\"><\/div><section data-vc-full-width=\"true\" data-vc-full-width-init=\"false\" class=\"vc_section vc_custom_1706191996039 vc_section-has-fill\"><div class=\"vc_row wpb_row vc_row-fluid shadow vc_custom_1765190959863 vc_row-o-equal-height vc_row-flex secondary_section\"><div class=\"wpb_column vc_column_container vc_col-sm-6\"><div class=\"vc_column-inner\"><div class=\"wpb_wrapper\"><div class=\"heading_group_sc wpb_content_element subtitle_bottom   vc_custom_1731939045814  text-left\">\n\n\n    <h2 style=\"text-align: left;\">Schenken Sie ein einzigartiges Erlebnis!<\/h2>\n\n\n        <span class=\"subtitle\"><\/span>\n\n<\/div><div class=\"heading_group_sc wpb_content_element subtitle_bottom    text-left\">\n\n\n    <p>Ein Erlebnis, das von Herzen kommt, ist das gr\u00f6\u00dfte Geschenk. Verschenken Sie unvergessliche Momente voller Stil und Eleganz in einer ikonischen Umgebung, dem Anna Grand Hotel!<\/p>\n\n\n        <span class=\"subtitle\"><\/span>\n\n        <div class=\"svg_divider\"><img decoding=\"async\" src=\"https:\/\/annagrandhotel.hu\/wp-content\/themes\/hotel-xenia\/templates\/shortcodes\/divider.png\"><\/div>\n<\/div><div class=\"plethora_button wpb_content_element  vc_custom_1731939544357  text-left\">\n    <a href=\"https:\/\/book.annagrandhotel.hu\/ajandekutalvanyok\" class=\"btn btn-light\" title=\"\"  target=\"_self\">\n\n        \n        GESCHENKGUTSCHEIN KAUFEN\n        \n\n    <\/a>\n<\/div><\/div><\/div><\/div><div class=\"wpb_column vc_column_container vc_col-sm-6\"><div class=\"vc_column-inner vc_custom_1699699574404\"><div class=\"wpb_wrapper\">\n\t<div  class=\"wpb_single_image wpb_content_element vc_align_left  vc_custom_1767711791094\">\n\t\t\n\t\t<figure class=\"wpb_wrapper vc_figure\">\n\t\t\t<div class=\"vc_single_image-wrapper vc_box_rounded  vc_box_border_grey\"><img loading=\"lazy\" decoding=\"async\" width=\"701\" height=\"800\" src=\"https:\/\/annagrandhotel.hu\/wp-content\/uploads\/2025\/02\/Anna-Grand-Hotel.webp\" class=\"vc_single_image-img attachment-full\" alt=\"\" title=\"Anna Grand Hotel\" srcset=\"https:\/\/annagrandhotel.hu\/wp-content\/uploads\/2025\/02\/Anna-Grand-Hotel.webp 701w, https:\/\/annagrandhotel.hu\/wp-content\/uploads\/2025\/02\/Anna-Grand-Hotel-263x300.webp 263w, https:\/\/annagrandhotel.hu\/wp-content\/uploads\/2025\/02\/Anna-Grand-Hotel-11x12.webp 11w\" sizes=\"auto, (max-width: 701px) 100vw, 701px\" \/><\/div>\n\t\t<\/figure>\n\t<\/div>\n<\/div><\/div><\/div><\/div><\/section><div class=\"vc_row-full-width vc_clearfix\"><\/div><section data-vc-full-width=\"true\" data-vc-full-width-init=\"false\" class=\"vc_section vc_custom_1713205773485 vc_section-has-fill\"><\/section><div class=\"vc_row-full-width vc_clearfix\"><\/div><section data-vc-full-width=\"true\" data-vc-full-width-init=\"false\" class=\"vc_section vc_custom_1712605446950 vc_section-has-fill\"><\/section><div class=\"vc_row-full-width vc_clearfix\"><\/div><section data-vc-full-width=\"true\" data-vc-full-width-init=\"false\" class=\"vc_section vc_custom_1710853742235 vc_section-has-fill\"><\/section><div class=\"vc_row-full-width vc_clearfix\"><\/div>\n<\/div>","protected":false},"excerpt":{"rendered":"Aktu\u00e1lis aj\u00e1nlataink Grand Autumn Ahogy a Balaton elcsendesedik, el\u00e9rkezik az id\u0151 a lelassul\u00e1sra \u00e9s a felt\u00f6lt\u0151d\u00e9sre. Az\u00a0\u0151sz\u00a0nyugodtabb ritmusa t\u00f6k\u00e9letes alkalmat k\u00edn\u00e1l arra, hogy kiszakadjon a h\u00e9tk\u00f6znapokb\u00f3l, \u00e9lvezze a wellness pihentet\u0151 pillanatait, \u00e9s \u00e1tadja mag\u00e1t az Anna Grand Hotel k\u00fcl\u00f6nleges atmoszf\u00e9r\u00e1j\u00e1nak. Hagyjon id\u0151t mag\u00e1ra, fedezze fel a Balaton \u0151szi arc\u00e1t, \u00e9s \u00e9lvezze a gondtalan kikapcsol\u00f3d\u00e1s minden [...]","protected":false},"author":4,"featured_media":2890,"parent":0,"menu_order":0,"comment_status":"closed","ping_status":"closed","template":"","meta":{"footnotes":""},"class_list":["post-2631","page","type-page","status-publish","has-post-thumbnail","hentry"],"aioseo_notices":[],"aioseo_head":"\n\t\t<!-- All in One SEO 5.0.1.1 - aioseo.com -->\n\t<meta name=\"description\" content=\"Aktu\u00e1lis aj\u00e1nlataink Grand Autumn Ahogy a Balaton elcsendesedik, el\u00e9rkezik az id\u0151 a lelassul\u00e1sra \u00e9s a felt\u00f6lt\u0151d\u00e9sre. Az \u0151sz nyugodtabb ritmusa t\u00f6k\u00e9letes alkalmat k\u00edn\u00e1l arra, hogy kiszakadjon a h\u00e9tk\u00f6znapokb\u00f3l, \u00e9lvezze a wellness pihentet\u0151 pillanatait, \u00e9s \u00e1tadja mag\u00e1t az Anna Grand Hotel k\u00fcl\u00f6nleges atmoszf\u00e9r\u00e1j\u00e1nak. Hagyjon id\u0151t mag\u00e1ra, fedezze fel a Balaton \u0151szi arc\u00e1t, \u00e9s \u00e9lvezze a gondtalan kikapcsol\u00f3d\u00e1s minden\" \/>\n\t<meta name=\"robots\" content=\"max-image-preview:large\" \/>\n\t<meta name=\"google-site-verification\" content=\"XStIYCQhFidWpuPVAMh9QpW8ZgOYNjrd33zHzug5ye8\" \/>\n\t<link rel=\"canonical\" href=\"https:\/\/annagrandhotel.hu\/de\/ajanlatok\/\" \/>\n\t<meta name=\"generator\" content=\"All in One SEO (AIOSEO) 5.0.1.1\" \/>\n\t\t<meta property=\"og:locale\" content=\"de_DE\" \/>\n\t\t<meta property=\"og:site_name\" content=\"Anna Grand Hotel***** Balatonf\u00fcred -\" \/>\n\t\t<meta property=\"og:type\" content=\"article\" \/>\n\t\t<meta property=\"og:title\" content=\"Aj\u00e1nlatok - Anna Grand Hotel***** Balatonf\u00fcred\" \/>\n\t\t<meta property=\"og:description\" content=\"Aktu\u00e1lis aj\u00e1nlataink Grand Autumn Ahogy a Balaton elcsendesedik, el\u00e9rkezik az id\u0151 a lelassul\u00e1sra \u00e9s a felt\u00f6lt\u0151d\u00e9sre. Az \u0151sz nyugodtabb ritmusa t\u00f6k\u00e9letes alkalmat k\u00edn\u00e1l arra, hogy kiszakadjon a h\u00e9tk\u00f6znapokb\u00f3l, \u00e9lvezze a wellness pihentet\u0151 pillanatait, \u00e9s \u00e1tadja mag\u00e1t az Anna Grand Hotel k\u00fcl\u00f6nleges atmoszf\u00e9r\u00e1j\u00e1nak. Hagyjon id\u0151t mag\u00e1ra, fedezze fel a Balaton \u0151szi arc\u00e1t, \u00e9s \u00e9lvezze a gondtalan kikapcsol\u00f3d\u00e1s minden\" \/>\n\t\t<meta property=\"og:url\" content=\"https:\/\/annagrandhotel.hu\/de\/ajanlatok\/\" \/>\n\t\t<meta property=\"og:image\" content=\"https:\/\/annagrandhotel.hu\/wp-content\/uploads\/2023\/07\/anna-grand-logo-symbol.png\" \/>\n\t\t<meta property=\"og:image:secure_url\" content=\"https:\/\/annagrandhotel.hu\/wp-content\/uploads\/2023\/07\/anna-grand-logo-symbol.png\" \/>\n\t\t<meta property=\"og:image:width\" content=\"600\" \/>\n\t\t<meta property=\"og:image:height\" content=\"597\" \/>\n\t\t<meta property=\"article:published_time\" content=\"2026-02-28T23:01:05+00:00\" \/>\n\t\t<meta property=\"article:modified_time\" content=\"2026-08-25T13:25:53+00:00\" \/>\n\t\t<meta name=\"twitter:card\" content=\"summary_large_image\" \/>\n\t\t<meta name=\"twitter:title\" content=\"Aj\u00e1nlatok - Anna Grand Hotel***** Balatonf\u00fcred\" \/>\n\t\t<meta name=\"twitter:description\" content=\"Aktu\u00e1lis aj\u00e1nlataink Grand Autumn Ahogy a Balaton elcsendesedik, el\u00e9rkezik az id\u0151 a lelassul\u00e1sra \u00e9s a felt\u00f6lt\u0151d\u00e9sre. Az \u0151sz nyugodtabb ritmusa t\u00f6k\u00e9letes alkalmat k\u00edn\u00e1l arra, hogy kiszakadjon a h\u00e9tk\u00f6znapokb\u00f3l, \u00e9lvezze a wellness pihentet\u0151 pillanatait, \u00e9s \u00e1tadja mag\u00e1t az Anna Grand Hotel k\u00fcl\u00f6nleges atmoszf\u00e9r\u00e1j\u00e1nak. Hagyjon id\u0151t mag\u00e1ra, fedezze fel a Balaton \u0151szi arc\u00e1t, \u00e9s \u00e9lvezze a gondtalan kikapcsol\u00f3d\u00e1s minden\" \/>\n\t\t<meta name=\"twitter:image\" content=\"https:\/\/annagrandhotel.hu\/wp-content\/uploads\/2023\/07\/anna-grand-logo-symbol.png\" \/>\n\t\t<script type=\"application\/ld+json\" class=\"aioseo-schema\">\n\t\t\t{\"@context\":\"https:\\\/\\\/schema.org\",\"@graph\":[{\"@type\":\"BreadcrumbList\",\"@id\":\"https:\\\/\\\/annagrandhotel.hu\\\/de\\\/ajanlatok\\\/#breadcrumblist\",\"itemListElement\":[{\"@type\":\"ListItem\",\"@id\":\"https:\\\/\\\/annagrandhotel.hu\\\/de#listItem\",\"position\":1,\"name\":\"Home\",\"item\":\"https:\\\/\\\/annagrandhotel.hu\\\/de\",\"nextItem\":{\"@type\":\"ListItem\",\"@id\":\"https:\\\/\\\/annagrandhotel.hu\\\/de\\\/ajanlatok\\\/#listItem\",\"name\":\"Aj\\u00e1nlatok\"}},{\"@type\":\"ListItem\",\"@id\":\"https:\\\/\\\/annagrandhotel.hu\\\/de\\\/ajanlatok\\\/#listItem\",\"position\":2,\"name\":\"Aj\\u00e1nlatok\",\"previousItem\":{\"@type\":\"ListItem\",\"@id\":\"https:\\\/\\\/annagrandhotel.hu\\\/de#listItem\",\"name\":\"Home\"}}]},{\"@type\":\"Organization\",\"@id\":\"https:\\\/\\\/annagrandhotel.hu\\\/de\\\/#organization\",\"name\":\"Anna Grand Hotel Balatonf\\u00fcred\",\"url\":\"https:\\\/\\\/annagrandhotel.hu\\\/de\\\/\",\"telephone\":\"+3687581200\",\"logo\":{\"@type\":\"ImageObject\",\"url\":\"https:\\\/\\\/annagrandhotel.hu\\\/wp-content\\\/uploads\\\/2023\\\/09\\\/Feher_logo-vektoros.svg\",\"@id\":\"https:\\\/\\\/annagrandhotel.hu\\\/de\\\/ajanlatok\\\/#organizationLogo\"},\"image\":{\"@id\":\"https:\\\/\\\/annagrandhotel.hu\\\/de\\\/ajanlatok\\\/#organizationLogo\"}},{\"@type\":\"WebPage\",\"@id\":\"https:\\\/\\\/annagrandhotel.hu\\\/de\\\/ajanlatok\\\/#webpage\",\"url\":\"https:\\\/\\\/annagrandhotel.hu\\\/de\\\/ajanlatok\\\/\",\"name\":\"Aj\\u00e1nlatok - Anna Grand Hotel***** Balatonf\\u00fcred\",\"description\":\"Aktu\\u00e1lis aj\\u00e1nlataink Grand Autumn Ahogy a Balaton elcsendesedik, el\\u00e9rkezik az id\\u0151 a lelassul\\u00e1sra \\u00e9s a felt\\u00f6lt\\u0151d\\u00e9sre. Az \\u0151sz nyugodtabb ritmusa t\\u00f6k\\u00e9letes alkalmat k\\u00edn\\u00e1l arra, hogy kiszakadjon a h\\u00e9tk\\u00f6znapokb\\u00f3l, \\u00e9lvezze a wellness pihentet\\u0151 pillanatait, \\u00e9s \\u00e1tadja mag\\u00e1t az Anna Grand Hotel k\\u00fcl\\u00f6nleges atmoszf\\u00e9r\\u00e1j\\u00e1nak. Hagyjon id\\u0151t mag\\u00e1ra, fedezze fel a Balaton \\u0151szi arc\\u00e1t, \\u00e9s \\u00e9lvezze a gondtalan kikapcsol\\u00f3d\\u00e1s minden\",\"inLanguage\":\"de-DE\",\"isPartOf\":{\"@id\":\"https:\\\/\\\/annagrandhotel.hu\\\/de\\\/#website\"},\"breadcrumb\":{\"@id\":\"https:\\\/\\\/annagrandhotel.hu\\\/de\\\/ajanlatok\\\/#breadcrumblist\"},\"image\":{\"@type\":\"ImageObject\",\"url\":\"https:\\\/\\\/annagrandhotel.hu\\\/wp-content\\\/uploads\\\/2023\\\/11\\\/Ajanlatok.webp\",\"@id\":\"https:\\\/\\\/annagrandhotel.hu\\\/de\\\/ajanlatok\\\/#mainImage\",\"width\":2048,\"height\":1366},\"primaryImageOfPage\":{\"@id\":\"https:\\\/\\\/annagrandhotel.hu\\\/de\\\/ajanlatok\\\/#mainImage\"},\"datePublished\":\"2026-03-01T00:01:05+01:00\",\"dateModified\":\"2026-08-25T15:25:53+02:00\"},{\"@type\":\"WebSite\",\"@id\":\"https:\\\/\\\/annagrandhotel.hu\\\/de\\\/#website\",\"url\":\"https:\\\/\\\/annagrandhotel.hu\\\/de\\\/\",\"name\":\"Anna Grand Hotel Balatonf\\u00fcred\",\"inLanguage\":\"de-DE\",\"publisher\":{\"@id\":\"https:\\\/\\\/annagrandhotel.hu\\\/de\\\/#organization\"}}]}\n\t\t<\/script>\n\t\t<!-- All in One SEO -->\n\n","aioseo_head_json":{"title":"Angebote - Anna Grand Hotel***** Balatonf\u00fcred","description":"Aktu\u00e1lis aj\u00e1nlataink Grand Autumn Ahogy a Balaton elcsendesedik, el\u00e9rkezik az id\u0151 a lelassul\u00e1sra \u00e9s a felt\u00f6lt\u0151d\u00e9sre. Az \u0151sz nyugodtabb ritmusa t\u00f6k\u00e9letes alkalmat k\u00edn\u00e1l arra, hogy kiszakadjon a h\u00e9tk\u00f6znapokb\u00f3l, \u00e9lvezze a wellness pihentet\u0151 pillanatait, \u00e9s \u00e1tadja mag\u00e1t az Anna Grand Hotel k\u00fcl\u00f6nleges atmoszf\u00e9r\u00e1j\u00e1nak. Hagyjon id\u0151t mag\u00e1ra, fedezze fel a Balaton \u0151szi arc\u00e1t, \u00e9s \u00e9lvezze a gondtalan kikapcsol\u00f3d\u00e1s minden","canonical_url":"https:\/\/annagrandhotel.hu\/de\/ajanlatok\/","robots":"max-image-preview:large","keywords":"","webmasterTools":{"google-site-verification":"XStIYCQhFidWpuPVAMh9QpW8ZgOYNjrd33zHzug5ye8","miscellaneous":""},"schema":{"@context":"https:\/\/schema.org","@graph":[{"@type":"BreadcrumbList","@id":"https:\/\/annagrandhotel.hu\/de\/ajanlatok\/#breadcrumblist","itemListElement":[{"@type":"ListItem","@id":"https:\/\/annagrandhotel.hu\/de#listItem","position":1,"name":"Home","item":"https:\/\/annagrandhotel.hu\/de","nextItem":{"@type":"ListItem","@id":"https:\/\/annagrandhotel.hu\/de\/ajanlatok\/#listItem","name":"Aj\u00e1nlatok"}},{"@type":"ListItem","@id":"https:\/\/annagrandhotel.hu\/de\/ajanlatok\/#listItem","position":2,"name":"Aj\u00e1nlatok","previousItem":{"@type":"ListItem","@id":"https:\/\/annagrandhotel.hu\/de#listItem","name":"Home"}}]},{"@type":"Organization","@id":"https:\/\/annagrandhotel.hu\/de\/#organization","name":"Anna Grand Hotel Balatonf\u00fcred","url":"https:\/\/annagrandhotel.hu\/de\/","telephone":"+3687581200","logo":{"@type":"ImageObject","url":"https:\/\/annagrandhotel.hu\/wp-content\/uploads\/2023\/09\/Feher_logo-vektoros.svg","@id":"https:\/\/annagrandhotel.hu\/de\/ajanlatok\/#organizationLogo"},"image":{"@id":"https:\/\/annagrandhotel.hu\/de\/ajanlatok\/#organizationLogo"}},{"@type":"WebPage","@id":"https:\/\/annagrandhotel.hu\/de\/ajanlatok\/#webpage","url":"https:\/\/annagrandhotel.hu\/de\/ajanlatok\/","name":"Aj\u00e1nlatok - Anna Grand Hotel***** Balatonf\u00fcred","description":"Aktu\u00e1lis aj\u00e1nlataink Grand Autumn Ahogy a Balaton elcsendesedik, el\u00e9rkezik az id\u0151 a lelassul\u00e1sra \u00e9s a felt\u00f6lt\u0151d\u00e9sre. Az \u0151sz nyugodtabb ritmusa t\u00f6k\u00e9letes alkalmat k\u00edn\u00e1l arra, hogy kiszakadjon a h\u00e9tk\u00f6znapokb\u00f3l, \u00e9lvezze a wellness pihentet\u0151 pillanatait, \u00e9s \u00e1tadja mag\u00e1t az Anna Grand Hotel k\u00fcl\u00f6nleges atmoszf\u00e9r\u00e1j\u00e1nak. Hagyjon id\u0151t mag\u00e1ra, fedezze fel a Balaton \u0151szi arc\u00e1t, \u00e9s \u00e9lvezze a gondtalan kikapcsol\u00f3d\u00e1s minden","inLanguage":"de-DE","isPartOf":{"@id":"https:\/\/annagrandhotel.hu\/de\/#website"},"breadcrumb":{"@id":"https:\/\/annagrandhotel.hu\/de\/ajanlatok\/#breadcrumblist"},"image":{"@type":"ImageObject","url":"https:\/\/annagrandhotel.hu\/wp-content\/uploads\/2023\/11\/Ajanlatok.webp","@id":"https:\/\/annagrandhotel.hu\/de\/ajanlatok\/#mainImage","width":2048,"height":1366},"primaryImageOfPage":{"@id":"https:\/\/annagrandhotel.hu\/de\/ajanlatok\/#mainImage"},"datePublished":"2026-03-01T00:01:05+01:00","dateModified":"2026-08-25T15:25:53+02:00"},{"@type":"WebSite","@id":"https:\/\/annagrandhotel.hu\/de\/#website","url":"https:\/\/annagrandhotel.hu\/de\/","name":"Anna Grand Hotel Balatonf\u00fcred","inLanguage":"de-DE","publisher":{"@id":"https:\/\/annagrandhotel.hu\/de\/#organization"}}]},"og:locale":"de_DE","og:site_name":"Anna Grand Hotel***** Balatonf\u00fcred -","og:type":"article","og:title":"Aj\u00e1nlatok - Anna Grand Hotel***** Balatonf\u00fcred","og:description":"Aktu\u00e1lis aj\u00e1nlataink Grand Autumn Ahogy a Balaton elcsendesedik, el\u00e9rkezik az id\u0151 a lelassul\u00e1sra \u00e9s a felt\u00f6lt\u0151d\u00e9sre. Az \u0151sz nyugodtabb ritmusa t\u00f6k\u00e9letes alkalmat k\u00edn\u00e1l arra, hogy kiszakadjon a h\u00e9tk\u00f6znapokb\u00f3l, \u00e9lvezze a wellness pihentet\u0151 pillanatait, \u00e9s \u00e1tadja mag\u00e1t az Anna Grand Hotel k\u00fcl\u00f6nleges atmoszf\u00e9r\u00e1j\u00e1nak. Hagyjon id\u0151t mag\u00e1ra, fedezze fel a Balaton \u0151szi arc\u00e1t, \u00e9s \u00e9lvezze a gondtalan kikapcsol\u00f3d\u00e1s minden","og:url":"https:\/\/annagrandhotel.hu\/de\/ajanlatok\/","og:image":"https:\/\/annagrandhotel.hu\/wp-content\/uploads\/2023\/07\/anna-grand-logo-symbol.png","og:image:secure_url":"https:\/\/annagrandhotel.hu\/wp-content\/uploads\/2023\/07\/anna-grand-logo-symbol.png","og:image:width":600,"og:image:height":597,"article:published_time":"2026-02-28T23:01:05+00:00","article:modified_time":"2026-08-25T13:25:53+00:00","twitter:card":"summary_large_image","twitter:title":"Aj\u00e1nlatok - Anna Grand Hotel***** Balatonf\u00fcred","twitter:description":"Aktu\u00e1lis aj\u00e1nlataink Grand Autumn Ahogy a Balaton elcsendesedik, el\u00e9rkezik az id\u0151 a lelassul\u00e1sra \u00e9s a felt\u00f6lt\u0151d\u00e9sre. Az \u0151sz nyugodtabb ritmusa t\u00f6k\u00e9letes alkalmat k\u00edn\u00e1l arra, hogy kiszakadjon a h\u00e9tk\u00f6znapokb\u00f3l, \u00e9lvezze a wellness pihentet\u0151 pillanatait, \u00e9s \u00e1tadja mag\u00e1t az Anna Grand Hotel k\u00fcl\u00f6nleges atmoszf\u00e9r\u00e1j\u00e1nak. Hagyjon id\u0151t mag\u00e1ra, fedezze fel a Balaton \u0151szi arc\u00e1t, \u00e9s \u00e9lvezze a gondtalan kikapcsol\u00f3d\u00e1s minden","twitter:image":"https:\/\/annagrandhotel.hu\/wp-content\/uploads\/2023\/07\/anna-grand-logo-symbol.png"},"aioseo_meta_data":{"post_id":"2631","title":null,"description":null,"keywords":null,"keyphrases":{"focus":{"keyphrase":"","score":0,"analysis":{"keyphraseInTitle":{"score":0,"maxScore":9,"error":1}}},"additional":[]},"primary_term":null,"canonical_url":null,"og_title":null,"og_description":null,"og_object_type":"default","og_image_type":"default","og_image_url":null,"og_image_width":null,"og_image_height":null,"og_image_custom_url":null,"og_image_custom_fields":null,"og_video":"","og_custom_url":null,"og_article_section":null,"og_article_tags":null,"twitter_use_og":false,"twitter_card":"default","twitter_image_type":"default","twitter_image_url":null,"twitter_image_custom_url":null,"twitter_image_custom_fields":null,"twitter_title":null,"twitter_description":null,"schema":{"blockGraphs":[],"customGraphs":[],"default":{"data":{"Article":[],"Course":[],"Dataset":[],"FAQPage":[],"Movie":[],"Person":[],"Product":[],"ProductReview":[],"Car":[],"Recipe":[],"Service":[],"SoftwareApplication":[],"WebPage":[]},"graphName":"WebPage","isEnabled":true},"graphs":[]},"schema_type":"default","schema_type_options":null,"pillar_content":false,"robots_default":true,"robots_noindex":false,"robots_noarchive":false,"robots_nosnippet":false,"robots_nofollow":false,"robots_noimageindex":false,"robots_noodp":false,"robots_notranslate":false,"robots_max_snippet":"-1","robots_max_videopreview":"-1","robots_max_imagepreview":"large","priority":null,"frequency":"default","local_seo":null,"breadcrumb_settings":null,"limit_modified_date":false,"ai":{"faqs":[],"keyPoints":[],"schemas":[],"titles":[],"descriptions":[],"socialPosts":{"email":{"subject":"","preview":"","content":""},"linkedin":[],"twitter":[],"facebook":[],"instagram":[]}},"created":"2023-11-21 19:54:27","updated":"2026-08-25 14:01:19","seo_analyzer_scan_date":null,"focus_keyword":null,"additional_keywords":null,"truseo_locale":null},"aioseo_breadcrumb":"<div class=\"aioseo-breadcrumbs\"><span class=\"aioseo-breadcrumb\">\n\t\t\t<a href=\"https:\/\/annagrandhotel.hu\/de\" title=\"Home\">Home<\/a>\n\t\t<\/span><span class=\"aioseo-breadcrumb-separator\">\u2022<\/span><span class=\"aioseo-breadcrumb\">\n\t\t\tAj\u00e1nlatok\n\t\t<\/span><\/div>","aioseo_breadcrumb_json":[{"label":"Home","link":"https:\/\/annagrandhotel.hu\/de"},{"label":"Aj\u00e1nlatok","link":"https:\/\/annagrandhotel.hu\/de\/ajanlatok\/"}],"_links":{"self":[{"href":"https:\/\/annagrandhotel.hu\/de\/wp-json\/wp\/v2\/pages\/2631","targetHints":{"allow":["GET"]}}],"collection":[{"href":"https:\/\/annagrandhotel.hu\/de\/wp-json\/wp\/v2\/pages"}],"about":[{"href":"https:\/\/annagrandhotel.hu\/de\/wp-json\/wp\/v2\/types\/page"}],"author":[{"embeddable":true,"href":"https:\/\/annagrandhotel.hu\/de\/wp-json\/wp\/v2\/users\/4"}],"replies":[{"embeddable":true,"href":"https:\/\/annagrandhotel.hu\/de\/wp-json\/wp\/v2\/comments?post=2631"}],"version-history":[{"count":218,"href":"https:\/\/annagrandhotel.hu\/de\/wp-json\/wp\/v2\/pages\/2631\/revisions"}],"predecessor-version":[{"id":5970,"href":"https:\/\/annagrandhotel.hu\/de\/wp-json\/wp\/v2\/pages\/2631\/revisions\/5970"}],"wp:featuredmedia":[{"embeddable":true,"href":"https:\/\/annagrandhotel.hu\/de\/wp-json\/wp\/v2\/media\/2890"}],"wp:attachment":[{"href":"https:\/\/annagrandhotel.hu\/de\/wp-json\/wp\/v2\/media?parent=2631"}],"curies":[{"name":"wp","href":"https:\/\/api.w.org\/{rel}","templated":true}]}}